{"id":445,"date":"2023-05-20T15:44:56","date_gmt":"2023-05-20T18:44:56","guid":{"rendered":"https:\/\/ipsicco.com.ar\/?page_id=445"},"modified":"2023-11-04T18:38:21","modified_gmt":"2023-11-04T21:38:21","slug":"frena-para-sentir","status":"publish","type":"page","link":"https:\/\/ipsicco.com.ar\/index.php\/frena-para-sentir\/","title":{"rendered":"Frena para Sentir"},"content":{"rendered":"<p>[et_pb_section fb_built=\u00bb1&#8243; _builder_version=\u00bb4.9.0&#8243; _module_preset=\u00bbdefault\u00bb use_background_color_gradient=\u00bbon\u00bb background_image=\u00bbhttps:\/\/ipsicco.com.ar\/wp-content\/uploads\/2023\/06\/2-scaled.jpg\u00bb custom_padding=\u00bb||0px|||\u00bb][et_pb_row column_structure=\u00bb3_5,2_5&#8243; _builder_version=\u00bb4.9.0&#8243; _module_preset=\u00bbdefault\u00bb min_height=\u00bb367.7px\u00bb custom_margin=\u00bb|||auto|false|false\u00bb][et_pb_column type=\u00bb3_5&#8243; _builder_version=\u00bb4.9.0&#8243; _module_preset=\u00bbdefault\u00bb][et_pb_text _builder_version=\u00bb4.9.0&#8243; _module_preset=\u00bbdefault\u00bb text_font=\u00bb||||||||\u00bb text_text_color=\u00bb#88C4DD\u00bb text_font_size=\u00bb44px\u00bb background_image=\u00bbhttps:\/\/ipsicco.com.ar\/wp-content\/uploads\/2023\/07\/Taller_Nombre.png\u00bb custom_padding=\u00bb||270px|||\u00bb text_font_size__hover_enabled=\u00bboff|desktop\u00bb][\/et_pb_text][et_pb_text _builder_version=\u00bb4.9.0&#8243; _module_preset=\u00bbdefault\u00bb text_font=\u00bb||||||||\u00bb text_text_color=\u00bb#88C4DD\u00bb text_font_size=\u00bb44px\u00bb custom_padding=\u00bb||0px|||\u00bb text_font_size__hover_enabled=\u00bboff|desktop\u00bb]<\/p>\n<h1 style=\"font-size: 2.5rem;\"><b><\/b><\/h1>\n<h1 style=\"font-size: 1.5rem; text-align: center;\"><b>\u00bfNecesitas frenar, soltar y sentir en este momento?<\/b><\/h1>\n<p>[\/et_pb_text][et_pb_text _builder_version=\u00bb4.9.0&#8243; _module_preset=\u00bbdefault\u00bb width=\u00bb100%\u00bb custom_margin=\u00bb|||1px||\u00bb custom_padding=\u00bb|0px||||\u00bb hover_enabled=\u00bb0&#8243; text_text_shadow_style=\u00bbnone\u00bb sticky_enabled=\u00bb0&#8243;]<\/p>\n<p>Un taller de 4 encuentros virtuales, basado en Mindfulness y la Terapia de Aceptaci\u00f3n y Compromiso (ACT) para sobrellevar las situaciones de estr\u00e9s ligadas a las exigencias de la rituna diaria con consciencia y expansi\u00f3n, nutriendote con decisiones m\u00e1s conectadas a tu bienestar, a tu presente y a la plenitud en tu vida.<br \/> <span style=\"font-weight: 400;\"><\/span><\/p>\n<p>[\/et_pb_text][et_pb_text _builder_version=\u00bb4.9.0&#8243; _module_preset=\u00bbdefault\u00bb text_font=\u00bbAlef||||||||\u00bb module_alignment=\u00bbcenter\u00bb custom_padding=\u00bb||0px|||\u00bb hover_enabled=\u00bb0&#8243; text_text_shadow_style=\u00bbnone\u00bb sticky_enabled=\u00bb0&#8243;]<\/p>\n<div class=\"page\" title=\"Page 2\">\n<div class=\"section\">\n<div class=\"layoutArea\">\n<div class=\"column\">\n<h4 style=\"text-align: center;\"><i><span style=\"font-weight: 400;\">\u2026 Que todo se nos venga abajo es una prueba y tambi\u00e9n una especie de curaci\u00f3n. Pensamos que la cuesti\u00f3n es pasar la prueba o superar el problema, pero en realidad las cosas no se resuelven. Las cosas se caen a pedazos y despu\u00e9s estos se vuelven a juntar. Simplemente sucede as\u00ed. La curaci\u00f3n proviene del hecho de dejar espacio para que todo esto ocurra: espacio para la pena, para el alivio, para la aflicci\u00f3n y para la alegr\u00eda.<\/span><\/i><\/h4>\n<p><i><span style=\"font-weight: 400;\">Peque\u00f1o fragmento del libro \u00abCuando todo se derrumba\u00bb de Pema Ch\u00f6dron.<\/span><\/i><\/p>\n<div class=\"page\" title=\"Page 2\">\n<div class=\"section\">\n<div class=\"layoutArea\">\n<div class=\"column\"><\/div>\n<\/div>\n<\/div>\n<\/div>\n<\/div>\n<\/div>\n<\/div>\n<\/div>\n<p>[\/et_pb_text][et_pb_button button_url=\u00bbhttps:\/\/ipsicco.com.ar\/index.php\/producto\/taller-online-frena-para-sentir\/\u00bb url_new_window=\u00bbon\u00bb button_text=\u00bb\u00a1Quiero sumarme ahora!\u00bb button_alignment=\u00bbcenter\u00bb _builder_version=\u00bb4.9.0&#8243; _module_preset=\u00bbdefault\u00bb custom_button=\u00bbon\u00bb button_text_size=\u00bb33px\u00bb button_text_color=\u00bb#FFFFFF\u00bb button_bg_color=\u00bb#88D9DD\u00bb button_border_width=\u00bb0px\u00bb button_border_radius=\u00bb0px\u00bb global_colors_info=\u00bb{%22gcid-8c7451b0-1c1c-469b-ab3d-4e9df155df19%22:%91%93}\u00bb button_text_color__hover_enabled=\u00bbon|hover\u00bb][\/et_pb_button][\/et_pb_column][et_pb_column type=\u00bb2_5&#8243; _builder_version=\u00bb4.9.0&#8243; _module_preset=\u00bbdefault\u00bb][\/et_pb_column][\/et_pb_row][\/et_pb_section][et_pb_section fb_built=\u00bb1&#8243; custom_padding_last_edited=\u00bbon|desktop\u00bb _builder_version=\u00bb4.9.0&#8243; _module_preset=\u00bbdefault\u00bb background_color=\u00bb#FFFFFF\u00bb background_enable_image=\u00bboff\u00bb width=\u00bb100%\u00bb module_alignment=\u00bbcenter\u00bb min_height=\u00bb426.3px\u00bb custom_margin=\u00bb25px||25px||true|false\u00bb custom_margin_tablet=\u00bb\u00bb custom_margin_phone=\u00bb-8px||-8px||true|false\u00bb custom_margin_last_edited=\u00bbon|desktop\u00bb custom_padding=\u00bb||1px|100px|false|false\u00bb custom_padding_tablet=\u00bb\u00bb custom_padding_phone=\u00bb||57px|0px|false|false\u00bb][et_pb_row column_structure=\u00bb1_2,1_2&#8243; custom_padding_last_edited=\u00bbon|desktop\u00bb _builder_version=\u00bb4.9.0&#8243; _module_preset=\u00bbdefault\u00bb width=\u00bb85%\u00bb max_width=\u00bb1795px\u00bb module_alignment=\u00bbcenter\u00bb custom_margin=\u00bb2px|149px|2px|auto|true|false\u00bb custom_margin_tablet=\u00bb\u00bb custom_margin_phone=\u00bb\u00bb custom_margin_last_edited=\u00bbon|desktop\u00bb custom_padding=\u00bb0px|0px|0px|0px|true|false\u00bb custom_padding_tablet=\u00bb\u00bb custom_padding_phone=\u00bb0px|0px|0px|0px|true|false\u00bb][et_pb_column type=\u00bb1_2&#8243; _builder_version=\u00bb4.9.0&#8243; _module_preset=\u00bbdefault\u00bb background_color=\u00bbrgba(229,17,13,0.24)\u00bb][et_pb_text _builder_version=\u00bb4.9.0&#8243; _module_preset=\u00bbdefault\u00bb background_color=\u00bbrgba(255,255,255,0.6)\u00bb width=\u00bb100%\u00bb min_height=\u00bb336px\u00bb custom_padding=\u00bb28px|18px|17px|27px||\u00bb hover_enabled=\u00bb0&#8243; text_text_shadow_style=\u00bbnone\u00bb sticky_enabled=\u00bb0&#8243;]<\/p>\n<div class=\"page\" title=\"Page 1\">\n<div class=\"section\">\n<div class=\"layoutArea\">\n<div class=\"column\">\n<p>&nbsp;<\/p>\n<p style=\"text-align: justify;\">En esta \u00e9poca del a\u00f1o y en el contexto en el que nos encontramos, seguro sientes que corres tras el tiempo, est\u00e1s probablemente <a href=\"mailto:canasad@,\">canasad@,<\/a> atrapad@ en los pensamientos, expectativas o exigencias y no puedes encontrar nada a lo que agarrarte. La realidad es que cuando las cosas se muestran inestables y nada funciona es momento de elegir con qu\u00e9 quedarte, qu\u00e9 pensamientos priorizar sobre otros y trabajar sobre la aceptaci\u00f3n<\/p>\n<p style=\"text-align: justify;\"><em><strong>\u00a1Vos puedes transformar este momento!<\/strong><\/em><\/p>\n<\/div>\n<\/div>\n<\/div>\n<\/div>\n<p>[\/et_pb_text][\/et_pb_column][et_pb_column type=\u00bb1_2&#8243; _builder_version=\u00bb4.9.0&#8243; _module_preset=\u00bbdefault\u00bb][et_pb_text _builder_version=\u00bb4.9.0&#8243; _module_preset=\u00bbdefault\u00bb min_height=\u00bb68px\u00bb custom_margin=\u00bb-35px|||||\u00bb custom_padding=\u00bb6px||0px|||\u00bb]<\/p>\n<h2 style=\"text-align: center;\">\u00bfDeseas sentirte bien y parar para conectar con eso de vos que no est\u00e1s escuchando?<\/h2>\n<p>[\/et_pb_text][et_pb_text _builder_version=\u00bb4.9.0&#8243; _module_preset=\u00bbdefault\u00bb min_height=\u00bb58px\u00bb custom_margin=\u00bb-14px|||||\u00bb custom_padding=\u00bb||1px|||\u00bb hover_enabled=\u00bb0&#8243; text_text_shadow_style=\u00bbnone\u00bb sticky_enabled=\u00bb0&#8243;]<\/p>\n<p style=\"text-align: justify;\"><b>El mindfulness es una forma de vida que permite vivir en plenitud e invita a tomar consciencia en el aqu\u00ed y ahora.\u00a0<\/b><\/p>\n<p style=\"text-align: justify;\"><span style=\"font-weight: 400;\">Junto a La Terapia de Aceptaci\u00f3n y Compromiso (ACT), que es una de las terapias contextuales, con mayor evidencia emp\u00edrica para distintos tipos de problem\u00e1ticas de salud mental (APA, 2018). Especialmente para tratar la ansiedad y el estr\u00e9s.\u00a0<\/span><\/p>\n<p style=\"text-align: justify;\"><b>En este taller vas a reducir tu estr\u00e9s, la ansiedad y vas a mejorar tu nivel de salud. Observando tu mente, emociones y sensaciones para elegir c\u00f3mo responder ante distintas situaciones que te atraviesas estos \u00faltimos per\u00edodos del a\u00f1o.<\/b><\/p>\n<p>[\/et_pb_text][\/et_pb_column][\/et_pb_row][\/et_pb_section][et_pb_section fb_built=\u00bb1&#8243; _builder_version=\u00bb4.9.0&#8243; _module_preset=\u00bbdefault\u00bb background_color=\u00bb#88D9DD\u00bb background_enable_image=\u00bboff\u00bb custom_padding=\u00bb22px||0px|||\u00bb custom_margin=\u00bb-48px|||||\u00bb][et_pb_row _builder_version=\u00bb4.9.0&#8243; _module_preset=\u00bbdefault\u00bb min_height=\u00bb541.4px\u00bb custom_margin=\u00bb|auto|-23px|auto||\u00bb custom_padding=\u00bb|0px|0px|||\u00bb][et_pb_column type=\u00bb4_4&#8243; _builder_version=\u00bb4.9.0&#8243; _module_preset=\u00bbdefault\u00bb][et_pb_text _builder_version=\u00bb4.9.0&#8243; _module_preset=\u00bbdefault\u00bb custom_margin=\u00bb-39px||42px|||\u00bb]<\/p>\n<h1 style=\"text-align: center;\"><span color=\"#ffffff\" style=\"color: #ffffff;\"><span style=\"caret-color: #ffffff;\"><b>\u00bfPor qu\u00e9 este taller ahora?<\/b><\/span><\/span><\/h1>\n<p>[\/et_pb_text][et_pb_text _builder_version=\u00bb4.9.0&#8243; _module_preset=\u00bbdefault\u00bb text_text_color=\u00bb#FFFFFF\u00bb min_height=\u00bb461px\u00bb custom_margin=\u00bb-27px|-0.3%|-27px|-0.3%|true|true\u00bb hover_enabled=\u00bb0&#8243; text_text_shadow_style=\u00bbnone\u00bb sticky_enabled=\u00bb0&#8243;]<\/p>\n<p>Otro a\u00f1o se termina, (y este con el plus del estr\u00e9s electoral si estas en Argentina) y es en esta etapa cuando comenzamos a mirar hacia atr\u00e1s y a recorrer todo el a\u00f1o. Y cuando vamos repasando los distintos\u00a0meses, empezamos a conectarnos con todo lo que fue sucediendo. A\u00a0veces, repasamos con l\u00e1grimas y otras con alegr\u00eda cada momento que nos\u00a0atraves\u00f3 y mientras tanto, el presente se acelera y las experiencias y algunas marcas vividas se sienten m\u00e1s fuertes.<\/p>\n<p><b>Sobre la base de los datos cient\u00edficos disponibles y de numerosas pruebas de campo, este Taller te proporcionar\u00e1 entrenamiento y habilidades pr\u00e1cticas para ayudarte a hacer frente a la adversidad.<\/b><\/p>\n<p><span style=\"font-weight: 400;\">Entenderemos porqu\u00e9 el estr\u00e9s impacta en todo tu organismo, mente y cuerpo, y porque es dif\u00edcil salir del bucle.<\/span><\/p>\n<p><span style=\"font-weight: 400;\">Conectaremos con las gu\u00edas introductorias del Mindfullnes para aplicarlo en tu vida diaria, <\/span><b>para que puedas darle otra perspectiva a los pensamientos y a la sensaci\u00f3n de urgencia constante, que te impide volver a la calma.<\/b><\/p>\n<p><b>La modalidad virtual en vivo <\/b><span style=\"font-weight: 400;\">nos permitir\u00e1 no solamente trascender desde la experiencia y los sentires en cada encuentro, sino tambi\u00e9n ahondar y compartir a trav\u00e9s del di\u00e1logo de manera directa.\u00a0<\/span><\/p>\n<p><b>Si en este momento los pensamientos te invaden, la ansiedad est\u00e1 en el d\u00eda a d\u00eda presente, tu agenda no puede m\u00e1s de pendientes y no sabes c\u00f3mo lidiar con el estr\u00e9s. \u00a1No eres la \u00fanica persona pasando por esto! Y hasta donde s\u00e9, hay una sola manera de salir de ah\u00ed:<\/b><\/p>\n<p><b>Acompa\u00f1ad@ y dando un paso a la vez<\/b><\/p>\n<p><span style=\"font-size: large;\"><b>FRENAR PARA SENTIR es justamente eso, un espacio seguro y acompa\u00f1ado para dejar de postergar(te) y empezar d\u00e1ndote un momento para ti.<\/b><\/span><\/p>\n<p>[\/et_pb_text][\/et_pb_column][\/et_pb_row][\/et_pb_section][et_pb_section fb_built=\u00bb1&#8243; admin_label=\u00bbSecci\u00f3n\u00bb _builder_version=\u00bb4.9.0&#8243; _module_preset=\u00bbdefault\u00bb background_color=\u00bb#E09900&#8243; background_image=\u00bbhttps:\/\/ipsicco.com.ar\/wp-content\/uploads\/2023\/01\/tak-kei-wong-v00bMSZQcd8-unsplash-scaled.jpg\u00bb vertical_offset=\u00bb0px\u00bb min_height=\u00bb311.1px\u00bb min_height_tablet=\u00bb\u00bb min_height_phone=\u00bb828.3px\u00bb min_height_last_edited=\u00bbon|desktop\u00bb custom_margin=\u00bb18px||40px|||\u00bb custom_padding=\u00bb||7px|||\u00bb][et_pb_row column_structure=\u00bb1_3,1_3,1_3&#8243; make_equal=\u00bbon\u00bb _builder_version=\u00bb4.9.0&#8243; _module_preset=\u00bbdefault\u00bb width=\u00bb100%\u00bb module_alignment=\u00bbcenter\u00bb min_height=\u00bb266px\u00bb height=\u00bb100px\u00bb max_height=\u00bb100px\u00bb custom_margin=\u00bb-39px|55px|16px|auto||\u00bb custom_padding=\u00bb19px|1px|0px|0px||\u00bb][et_pb_column type=\u00bb1_3&#8243; _builder_version=\u00bb4.9.0&#8243; _module_preset=\u00bbdefault\u00bb][et_pb_text _builder_version=\u00bb4.9.0&#8243; _module_preset=\u00bbdefault\u00bb hover_enabled=\u00bb0&#8243; sticky_enabled=\u00bb0&#8243;]<\/p>\n<h1><strong>Objetivos\u00a0<\/strong><\/h1>\n<p>[\/et_pb_text][et_pb_text _builder_version=\u00bb4.9.0&#8243; _module_preset=\u00bbdefault\u00bb text_text_color=\u00bb#000000&#8243; text_font_size=\u00bb20px\u00bb custom_margin=\u00bb-23px|-6.2%|-23px|-6.2%|true|true\u00bb custom_padding=\u00bb|0px||0px||\u00bb hover_enabled=\u00bb0&#8243; text_font_size_tablet=\u00bb\u00bb text_font_size_phone=\u00bb\u00bb text_font_size_last_edited=\u00bbon|desktop\u00bb text_font=\u00bb|600|||||||\u00bb text_text_shadow_style=\u00bbnone\u00bb sticky_enabled=\u00bb0&#8243;]<\/p>\n<ul>\n<li><span style=\"font-size: 20px;\">Reconocer emociones y pensamientos asociados al estr\u00e9s<\/span><\/li>\n<li>Entrenar la habilidad para centrarse en el momento presente<\/li>\n<li>Reducir el estr\u00e9s para poder vivir con mayor conexi\u00f3n y satisfacci\u00f3n<\/li>\n<\/ul>\n<p>[\/et_pb_text][\/et_pb_column][et_pb_column type=\u00bb1_3&#8243; _builder_version=\u00bb4.9.0&#8243; _module_preset=\u00bbdefault\u00bb][et_pb_text _builder_version=\u00bb4.9.0&#8243; _module_preset=\u00bbdefault\u00bb]<\/p>\n<h1><strong>Cronograma<\/strong><\/h1>\n<p>[\/et_pb_text][et_pb_text _builder_version=\u00bb4.9.0&#8243; _module_preset=\u00bbdefault\u00bb width=\u00bb84.9%\u00bb custom_margin=\u00bb-2px|||||\u00bb custom_padding=\u00bb0px|0px||0px||\u00bb hover_enabled=\u00bb0&#8243; text_font=\u00bb|600|||||||\u00bb text_text_shadow_style=\u00bbnone\u00bb sticky_enabled=\u00bb0&#8243;]<\/p>\n<h3><span style=\"font-size: 18px;\">4 Encuentros<\/span><\/h3>\n<h3><span style=\"font-size: 18px;\">Fechas: <\/span>Viernes<strong style=\"font-size: 18px;\"> 17 y 24 <\/strong>de<strong style=\"font-size: 18px;\"> noviembre. 1 y 15 <\/strong>de<strong style=\"font-size: 18px;\"> diciembre.<\/strong><\/h3>\n<h4><span style=\"font-size: 18px;\">Hora: <\/span><strong style=\"font-size: 18px;\">de 19:00 a 20:30hrs.\u00a0<\/strong><\/h4>\n<p>[\/et_pb_text][\/et_pb_column][et_pb_column type=\u00bb1_3&#8243; _builder_version=\u00bb4.9.0&#8243; _module_preset=\u00bbdefault\u00bb][et_pb_text _builder_version=\u00bb4.9.0&#8243; _module_preset=\u00bbdefault\u00bb text_line_height=\u00bb1em\u00bb min_height=\u00bb52px\u00bb custom_margin=\u00bb||-2px|||\u00bb custom_padding=\u00bb0px||0px|||\u00bb]<\/p>\n<h1><strong>Temas<\/strong><\/h1>\n<p>[\/et_pb_text][et_pb_text _builder_version=\u00bb4.9.0&#8243; _module_preset=\u00bbdefault\u00bb width=\u00bb100%\u00bb custom_margin=\u00bb1px|-419px||-33px||\u00bb custom_padding=\u00bb|4px|26px|1px||\u00bb hover_enabled=\u00bb0&#8243; text_font=\u00bb|700|||||||\u00bb text_text_shadow_style=\u00bbnone\u00bb sticky_enabled=\u00bb0&#8243;]<\/p>\n<h4><span style=\"font-size: large;\">1 &#8211; Psiconeuroinmunoendocrinolog\u00eda y estr\u00e9s<\/span><br \/> <span style=\"font-size: large;\"> 2- Mindfulness y la conexi\u00f3n con el momento presente<\/span><br \/> <span style=\"font-size: large;\"> 3- Desengancharse de pensamientos de ansiedad y preocupaci\u00f3n<\/span><br \/> <span style=\"font-size: large;\"> 4- Vivir plenamente<\/span><\/h4>\n<p>[\/et_pb_text][\/et_pb_column][\/et_pb_row][\/et_pb_section][et_pb_section fb_built=\u00bb1&#8243; _builder_version=\u00bb4.9.0&#8243; _module_preset=\u00bbdefault\u00bb custom_margin=\u00bb23px|||||\u00bb custom_padding=\u00bb1px||0px|||\u00bb][et_pb_row _builder_version=\u00bb4.9.0&#8243; _module_preset=\u00bbdefault\u00bb custom_margin=\u00bb-34px|auto||auto||\u00bb][et_pb_column type=\u00bb4_4&#8243; _builder_version=\u00bb4.9.0&#8243; _module_preset=\u00bbdefault\u00bb][et_pb_text _builder_version=\u00bb4.9.0&#8243; _module_preset=\u00bbdefault\u00bb min_height=\u00bb29px\u00bb custom_margin=\u00bb||-49px|||\u00bb custom_padding=\u00bb||0px|||\u00bb]<\/p>\n<h2 style=\"text-align: center;\"><strong>Quienes han realizado el taller antes, dicen:<\/strong><\/h2>\n<p>[\/et_pb_text][et_pb_slider _builder_version=\u00bb4.9.0&#8243; _module_preset=\u00bbdefault\u00bb body_font_size=\u00bb26px\u00bb background_color=\u00bb#88D9DD\u00bb min_height=\u00bb260px\u00bb custom_padding=\u00bb2px||7px|||\u00bb text_shadow_style=\u00bbpreset2&#8243; text_shadow_horizontal_length=\u00bb-0.18em\u00bb text_shadow_color=\u00bb#B3B3B3&#8243;][et_pb_slide _builder_version=\u00bb4.9.0&#8243; _module_preset=\u00bbdefault\u00bb sticky_transition=\u00bbon\u00bb]\u00bbEste taller me aport\u00f3 herramientas que me ayudan con el stress que me producen mis propios pensamientos. Anclarme en valores, en los sentidos y no depender de mis emociones. Tener cuidado con aquellas actividades que optamos para aliviar la tensi\u00f3n del pensamiento. Me parecio muy novedoso para mi. Ademas del comentario de las propias experiencias de los demas.\u00bb[\/et_pb_slide][et_pb_slide _builder_version=\u00bb4.9.0&#8243; _module_preset=\u00bbdefault\u00bb sticky_transition=\u00bbon\u00bb]\u00bbAprend\u00ed herramientas para volver al presente, Aprend\u00ed que puedo elegir hacerlo con amabilidad y calidez conmigo misma Aprend\u00ed que m\u00ed verdadera motivaci\u00f3n est\u00e1 en los valores y a partir all\u00ed los objetivos cobran un sentido diferente Aprend\u00ed que todos estamos haciendo lo mejor posible, con los recursos y herramientas internas que tenemos Me di cuenta que estoy aprendiendo, y m\u00ed desaf\u00edo es mirarme con amor, sin juicios, con amabilidad y gentileza\u00bb.[\/et_pb_slide][et_pb_slide _builder_version=\u00bb4.9.0&#8243; _module_preset=\u00bbdefault\u00bb sticky_transition=\u00bbon\u00bb]<\/p>\n<p style=\"text-align: center;\">\u00abMe ayud\u00f3 a tener otra manera de ver las cosas y a disfrutar el d\u00eda a d\u00eda, aprend\u00ed importancia de enfocar la atenci\u00f3n en otras cosas.<br \/>\nMe di\u00f3 muchas herramientas para controlar mi ansiedad<br \/>\nMe ayud\u00f3 much\u00edsimo a no quedarme anclada a esos pensamientos cat\u00e1stroficos que siempre se me venian a la mente, a respirar\u00bb.<\/p>\n<p>[\/et_pb_slide][\/et_pb_slider][\/et_pb_column][\/et_pb_row][et_pb_row _builder_version=\u00bb4.9.0&#8243; _module_preset=\u00bbdefault\u00bb custom_margin=\u00bb-27px|auto||auto||\u00bb][et_pb_column type=\u00bb4_4&#8243; _builder_version=\u00bb4.9.0&#8243; _module_preset=\u00bbdefault\u00bb][et_pb_text _builder_version=\u00bb4.9.0&#8243; _module_preset=\u00bbdefault\u00bb text_line_height=\u00bb2.2rem\u00bb text_orientation=\u00bbcenter\u00bb min_height=\u00bb176px\u00bb custom_margin=\u00bb0px||0px||true|\u00bb hover_enabled=\u00bb0&#8243; text_font=\u00bb|600|||||||\u00bb text_text_shadow_style=\u00bbnone\u00bb sticky_enabled=\u00bb0&#8243;]<\/p>\n<h2><strong>Contenido (\u00bfQu\u00e9 te llevas?)<\/strong><\/h2>\n<p><strong><\/strong><\/p>\n<p><strong><\/strong><\/p>\n<ul>\n<li style=\"text-align: left;\"><span style=\"font-size: large;\">Material escrito con informaci\u00f3n y gu\u00edas y consejos pr\u00e1cticos<\/span><\/li>\n<li style=\"text-align: left;\"><span style=\"font-size: large;\">Ejercicios escritos y planillas para registrar tu progreso<\/span><\/li>\n<li style=\"text-align: left;\"><span style=\"font-size: large;\">Audios de pr\u00e1ctica<\/span><\/li>\n<li style=\"text-align: left;\"><span style=\"font-size: large;\">Clases grabadas con acceso de por vida<\/span><\/li>\n<li style=\"text-align: left;\"><span style=\"font-size: large;\">No hay tareas, s\u00ed mucho aprendizaje desde la experiencia<\/span><\/li>\n<\/ul>\n<p>[\/et_pb_text][et_pb_button button_url=\u00bbhttps:\/\/ipsicco.com.ar\/index.php\/producto\/taller-online-frena-para-sentir\/\u00bb url_new_window=\u00bbon\u00bb button_text=\u00bbINSCRIBIRME\u00bb button_alignment=\u00bbcenter\u00bb disabled_on=\u00bboff|off|off\u00bb _builder_version=\u00bb4.9.0&#8243; _module_preset=\u00bbdefault\u00bb custom_button=\u00bbon\u00bb button_text_size=\u00bb23px\u00bb button_text_color=\u00bb#88D9DD\u00bb button_bg_color=\u00bbRGBA(0,0,0,0)\u00bb button_border_width=\u00bb6px\u00bb button_border_color=\u00bb#88D9DD\u00bb][\/et_pb_button][et_pb_text _builder_version=\u00bb4.9.0&#8243; _module_preset=\u00bbdefault\u00bb text_font=\u00bb|700|||||||\u00bb text_font_size=\u00bb16px\u00bb background_color=\u00bb#d1d1d1&#8243; text_orientation=\u00bbcenter\u00bb min_height=\u00bb138px\u00bb hover_enabled=\u00bb0&#8243; box_shadow_style=\u00bbpreset2&#8243; text_text_shadow_style=\u00bbnone\u00bb sticky_enabled=\u00bb0&#8243;]<\/p>\n<h2 style=\"text-align: center;\"><\/h2>\n<h2 style=\"text-align: center;\"><span style=\"font-family: inherit; font-size: x-large; font-weight: normal; color: #333333;\"><b><a href=\"https:\/\/mpago.la\/29Ttwyh\" style=\"color: #333333;\">Precio<\/a> si estas en Argentina: <\/b><\/span><span style=\"font-family: inherit; font-size: x-large; font-weight: normal; color: #ffffff;\"><b>$12.000<\/b><\/span><span style=\"font-size: 16px; font-weight: bold; color: #666666;\">\u00a0<\/span><span style=\"font-size: 16px; font-weight: bold; color: #666666;\">\u00a0<\/span><\/h2>\n<p style=\"text-align: center;\"><span style=\"font-size: x-large; color: #333333;\">Precio fuera de argentina: <span style=\"color: #ffffff;\">USD $48\u00a0<\/span><\/span><\/p>\n<p style=\"text-align: center;\"><span style=\"font-size: x-large; color: #808080;\"><b>tienes un <em>20%<\/em> de descuento si te inscribes antes del 14 de noviembre<\/b><\/span><\/p>\n<p style=\"text-align: center;\"><em>*el desarrollo del Taller est\u00e1 sujeto a cupo m\u00cdnino de participantes<\/em><span style=\"font-size: 16px;\">\u00a0<\/span><\/p>\n<p>[\/et_pb_text][\/et_pb_column][\/et_pb_row][\/et_pb_section][et_pb_section fb_built=\u00bb1&#8243; _builder_version=\u00bb4.9.0&#8243; _module_preset=\u00bbdefault\u00bb background_image=\u00bbhttps:\/\/ipsicco.com.ar\/wp-content\/uploads\/2022\/12\/pensamiento.jpg\u00bb custom_padding=\u00bb4px|||||\u00bb][et_pb_row _builder_version=\u00bb4.9.0&#8243; _module_preset=\u00bbdefault\u00bb][et_pb_column type=\u00bb4_4&#8243; _builder_version=\u00bb4.9.0&#8243; _module_preset=\u00bbdefault\u00bb][et_pb_text _builder_version=\u00bb4.9.0&#8243; _module_preset=\u00bbdefault\u00bb text_font=\u00bb||||||||\u00bb background_color=\u00bbrgba(255,255,255,0.68)\u00bb custom_padding=\u00bb15px|15px|15px|15px|true|true\u00bb hover_enabled=\u00bb0&#8243; text_text_shadow_style=\u00bbnone\u00bb sticky_enabled=\u00bb0&#8243;]<\/p>\n<h4>S\u00ed, s\u00e9 que est\u00e1s pensando que no tienes tiempo para m\u00e1s talleres o cursos ni nada m\u00e1s que se sume a tu agenda 2023.<\/h4>\n<p>Por eso, quiero aclararte que este taller es para personas hiperocupadas y estresadas, <strong>NO<\/strong> pretende volverse un \u00edtem m\u00e1s de tu check-list.<\/p>\n<h3>Este taller es el comienzo de frenar el impulso de querer mejorarte a ti mism@ todo el tiempo desgast\u00e1ndote o llev\u00e1ndote al l\u00edmite.<\/h3>\n<p>Este taller es una invitaci\u00f3n a salirte de la carrera imposible de este momento, y de la demanda que nos generan la sociedad.<\/p>\n<p>Cr\u00e9eme que el abordaje del ACT, como las pr\u00e1cticas de Mindfulness y Compasi\u00f3n han sido un refugio y alivio para mi propia profesi\u00f3n y vida personal, mis exigencias personales y mi perfeccionismo.<\/p>\n<p>Por eso dise\u00f1e esta propuesta presencial, este espacio para que t\u00fa tambi\u00e9n las integres a tu rutina. Te propondr\u00e9 herramientas bien pr\u00e1cticas para que las implementes a tu ritmo. Pero no vas a tener que ponerte a estudiar ni hacer \u201ctareas\u201d entre un encuentro y otro.<\/p>\n<h4>El taller \u201cFRENAR PARA SENTIR\u201d es tu oportunidad de construir una nueva forma de relacionarte con tu vida en general y potenciar el v\u00ednculo contigo mismo y tu entorno.<\/h4>\n<p>Es la oportunidad de cerrar tu a\u00f1o en calma.<\/p>\n<h4>\u00a1Quiero darte la bienvenida a mi red de personas que buscan frenar y vivir m\u00e1s conectadas con su interior!<\/h4>\n<p>[\/et_pb_text][\/et_pb_column][\/et_pb_row][\/et_pb_section][et_pb_section fb_built=\u00bb1&#8243; _builder_version=\u00bb4.9.0&#8243; _module_preset=\u00bbdefault\u00bb custom_margin=\u00bb||-27px|||\u00bb custom_padding=\u00bb3px||0px|||\u00bb][et_pb_row _builder_version=\u00bb4.9.0&#8243; _module_preset=\u00bbdefault\u00bb background_color=\u00bbRGBA(0,0,0,0)\u00bb min_height=\u00bb165px\u00bb custom_margin=\u00bb|auto||166px||\u00bb custom_padding=\u00bb||0px|1px||\u00bb][et_pb_column type=\u00bb4_4&#8243; _builder_version=\u00bb4.9.0&#8243; _module_preset=\u00bbdefault\u00bb][et_pb_text _builder_version=\u00bb4.9.0&#8243; _module_preset=\u00bbdefault\u00bb custom_padding=\u00bb||0px|0px||\u00bb hover_enabled=\u00bb0&#8243; text_text_shadow_style=\u00bbnone\u00bb sticky_enabled=\u00bb0&#8243; custom_margin=\u00bb-23px|||-14px||\u00bb]<\/p>\n<h2 style=\"text-align: center;\"><b>EN RESUMEN<\/b><\/h2>\n<h3 style=\"text-align: center;\"><span style=\"font-weight: 400;\">Este taller te ofrece:<\/span><\/h3>\n<ul>\n<li style=\"font-weight: 400;\" aria-level=\"1\"><span style=\"font-weight: 400; font-size: large;\">4 sesiones de 1 hora y 30 minutos cada una<\/span><\/li>\n<li style=\"font-weight: 400;\" aria-level=\"1\"><span style=\"font-weight: 400; font-size: large;\">Material escrito con informaci\u00f3n, gu\u00edas y consejos pr\u00e1cticos<\/span><\/li>\n<li style=\"font-weight: 400;\" aria-level=\"1\"><span style=\"font-size: large;\">Audios de pr\u00e1ctica<\/span><\/li>\n<li style=\"font-weight: 400;\" aria-level=\"1\"><span style=\"font-weight: 400; font-size: large;\">Grabaci\u00f3n de las clases de acceso de por vida<\/span><a href=\"https:\/\/forms.gle\/HS6NxiBQ6TqqxT8DA\" style=\"font-size: 14px;\"><b><\/b><\/a><\/li>\n<\/ul>\n<p>[\/et_pb_text][\/et_pb_column][\/et_pb_row][\/et_pb_section][et_pb_section fb_built=\u00bb1&#8243; custom_padding_last_edited=\u00bbon|desktop\u00bb _builder_version=\u00bb4.9.0&#8243; _module_preset=\u00bbdefault\u00bb background_color=\u00bb#FFFFFF\u00bb background_enable_image=\u00bboff\u00bb width=\u00bb100%\u00bb module_alignment=\u00bbcenter\u00bb min_height=\u00bb426.3px\u00bb custom_margin=\u00bb25px||25px||true|false\u00bb custom_margin_tablet=\u00bb\u00bb custom_margin_phone=\u00bb-8px||-8px||true|false\u00bb custom_margin_last_edited=\u00bbon|desktop\u00bb custom_padding=\u00bb0px||1px|100px|false|false\u00bb custom_padding_tablet=\u00bb\u00bb custom_padding_phone=\u00bb||57px|0px|false|false\u00bb][et_pb_row column_structure=\u00bb1_2,1_2&#8243; custom_padding_last_edited=\u00bbon|desktop\u00bb _builder_version=\u00bb4.9.0&#8243; _module_preset=\u00bbdefault\u00bb width=\u00bb93.4%\u00bb max_width=\u00bb1795px\u00bb module_alignment=\u00bbcenter\u00bb custom_margin=\u00bb2px|149px|2px|auto|true|false\u00bb custom_margin_tablet=\u00bb\u00bb custom_margin_phone=\u00bb\u00bb custom_margin_last_edited=\u00bbon|desktop\u00bb custom_padding=\u00bb0px|0px|0px|0px|true|false\u00bb custom_padding_tablet=\u00bb\u00bb custom_padding_phone=\u00bb0px|0px|0px|0px|true|false\u00bb][et_pb_column type=\u00bb1_2&#8243; _builder_version=\u00bb4.9.0&#8243; _module_preset=\u00bbdefault\u00bb background_color=\u00bbrgba(229,17,13,0.24)\u00bb][et_pb_text _builder_version=\u00bb4.9.0&#8243; _module_preset=\u00bbdefault\u00bb background_color=\u00bbrgba(255,255,255,0.6)\u00bb width=\u00bb100%\u00bb min_height=\u00bb336px\u00bb custom_padding=\u00bb28px|18px|17px|27px||\u00bb hover_enabled=\u00bb0&#8243; text_font=\u00bb|600|||||||\u00bb text_text_shadow_style=\u00bbnone\u00bb sticky_enabled=\u00bb0&#8243;]<\/p>\n<div class=\"page\" title=\"Page 1\">\n<div class=\"section\">\n<div class=\"layoutArea\">\n<div class=\"column\">\n<p>Soy Mar\u00eda Jos\u00e9 Lami Hern\u00e1ndez, Doctora\u00a0en Psicolog\u00eda (PhD).<br \/> En el a\u00f1o 2009 comenc\u00e9 mi formaci\u00f3n de\u00a0posgrado en terapias contextuales en el\u00a0\u00e1mbito acad\u00e9mico y cl\u00ednico (habiendo\u00a0tenido mi formaci\u00f3n previa como\u00a0Psic\u00f3loga orientada a la Terapia<br \/> Cognitiva-Conductual).\u00a0Practico Mindfulness desde el 2011 y\u00a0continuo perfeccion\u00e1ndome\u00a0constantemente en mindfulness y<br \/> compasi\u00f3n para la salud y el bienestar y el uso de mindfulness como una herramienta dentro del proceso terap\u00e9utico.<br \/> Soy terapeuta de aceptaci\u00f3n y\u00a0compromiso con mas 15 a\u00f1os de experiencia en la cl\u00ednica con pacientes adultos. Ademas coordino y superviso a mi equipo de colegas. Actualmente presidente\u00a0electa del Capitulo de Argentina de la\u00a0ACBS (Asociaci\u00f3n de la Ciencia Conductual Contextual).<\/p>\n<p><strong>Lo m\u00e1s importante:<\/strong> Quiero que vivas la experiencia que me ayud\u00f3 a mi a pasar\u00a0del estr\u00e9s cr\u00f3nico, el agotamiento permanente y la frustraci\u00f3n por no ser\u00a0la profesional todopoderosa que quer\u00eda ser en un momento, al estado de\u00a0una persona que, con conciencia plena, analiza su rutina y decisiones\u00a0en funci\u00f3n de su energ\u00eda y que sigue probablemente limando\u00a0imperfecciones en su labor diario y compromisos, pero en siempre\u00a0desde la calma. Sabi\u00e9ndose abrazar en los d\u00edas dif\u00edciles.<\/p>\n<\/div>\n<\/div>\n<\/div>\n<\/div>\n<p>[\/et_pb_text][\/et_pb_column][et_pb_column type=\u00bb1_2&#8243; _builder_version=\u00bb4.9.0&#8243; _module_preset=\u00bbdefault\u00bb][et_pb_image src=\u00bbhttps:\/\/ipsicco.com.ar\/wp-content\/uploads\/2023\/01\/majo2.jpg\u00bb title_text=\u00bbmajo2&#8243; _builder_version=\u00bb4.9.0&#8243; _module_preset=\u00bbdefault\u00bb min_height=\u00bb487px\u00bb custom_margin=\u00bb19px|103px||||\u00bb custom_padding=\u00bb||0px|||\u00bb][\/et_pb_image][\/et_pb_column][\/et_pb_row][\/et_pb_section]<\/p>\n","protected":false},"excerpt":{"rendered":"<p>[et_pb_section fb_built=\u00bb1&#8243; _builder_version=\u00bb4.9.0&#8243; _module_preset=\u00bbdefault\u00bb use_background_color_gradient=\u00bbon\u00bb background_image=\u00bbhttps:\/\/ipsicco.com.ar\/wp-content\/uploads\/2023\/06\/2-scaled.jpg\u00bb custom_padding=\u00bb||0px|||\u00bb][et_pb_row column_structure=\u00bb3_5,2_5&#8243; _builder_version=\u00bb4.9.0&#8243; _module_preset=\u00bbdefault\u00bb min_height=\u00bb367.7px\u00bb custom_margin=\u00bb|||auto|false|false\u00bb][et_pb_column type=\u00bb3_5&#8243; _builder_version=\u00bb4.9.0&#8243; _module_preset=\u00bbdefault\u00bb][et_pb_text _builder_version=\u00bb4.9.0&#8243; _module_preset=\u00bbdefault\u00bb text_font=\u00bb||||||||\u00bb text_text_color=\u00bb#88C4DD\u00bb text_font_size=\u00bb44px\u00bb background_image=\u00bbhttps:\/\/ipsicco.com.ar\/wp-content\/uploads\/2023\/07\/Taller_Nombre.png\u00bb custom_padding=\u00bb||270px|||\u00bb text_font_size__hover_enabled=\u00bboff|desktop\u00bb][\/et_pb_text][et_pb_text _builder_version=\u00bb4.9.0&#8243; _module_preset=\u00bbdefault\u00bb text_font=\u00bb||||||||\u00bb text_text_color=\u00bb#88C4DD\u00bb text_font_size=\u00bb44px\u00bb custom_padding=\u00bb||0px|||\u00bb text_font_size__hover_enabled=\u00bboff|desktop\u00bb] \u00bfNecesitas frenar, soltar y sentir en este momento? [\/et_pb_text][et_pb_text _builder_version=\u00bb4.9.0&#8243; _module_preset=\u00bbdefault\u00bb width=\u00bb100%\u00bb custom_margin=\u00bb|||1px||\u00bb custom_padding=\u00bb|0px||||\u00bb hover_enabled=\u00bb0&#8243; text_text_shadow_style=\u00bbnone\u00bb sticky_enabled=\u00bb0&#8243;] Un taller de 4 encuentros virtuales, basado en [&hellip;]<\/p>\n","protected":false},"author":1,"featured_media":528,"parent":0,"menu_order":0,"comment_status":"closed","ping_status":"closed","template":"page-template-blank.php","meta":{"_et_pb_use_builder":"on","_et_pb_old_content":"","_et_gb_content_width":"","om_disable_all_campaigns":false,"inline_featured_image":false,"jetpack_post_was_ever_published":false,"_joinchat":[],"footnotes":""},"class_list":["post-445","page","type-page","status-publish","has-post-thumbnail","hentry"],"jetpack_sharing_enabled":true,"jetpack_shortlink":"https:\/\/wp.me\/Pc5djS-7b","_links":{"self":[{"href":"https:\/\/ipsicco.com.ar\/index.php\/wp-json\/wp\/v2\/pages\/445","targetHints":{"allow":["GET"]}}],"collection":[{"href":"https:\/\/ipsicco.com.ar\/index.php\/wp-json\/wp\/v2\/pages"}],"about":[{"href":"https:\/\/ipsicco.com.ar\/index.php\/wp-json\/wp\/v2\/types\/page"}],"author":[{"embeddable":true,"href":"https:\/\/ipsicco.com.ar\/index.php\/wp-json\/wp\/v2\/users\/1"}],"replies":[{"embeddable":true,"href":"https:\/\/ipsicco.com.ar\/index.php\/wp-json\/wp\/v2\/comments?post=445"}],"version-history":[{"count":43,"href":"https:\/\/ipsicco.com.ar\/index.php\/wp-json\/wp\/v2\/pages\/445\/revisions"}],"predecessor-version":[{"id":669,"href":"https:\/\/ipsicco.com.ar\/index.php\/wp-json\/wp\/v2\/pages\/445\/revisions\/669"}],"wp:featuredmedia":[{"embeddable":true,"href":"https:\/\/ipsicco.com.ar\/index.php\/wp-json\/wp\/v2\/media\/528"}],"wp:attachment":[{"href":"https:\/\/ipsicco.com.ar\/index.php\/wp-json\/wp\/v2\/media?parent=445"}],"curies":[{"name":"wp","href":"https:\/\/api.w.org\/{rel}","templated":true}]}}