{"id":488,"date":"2023-06-09T02:11:36","date_gmt":"2023-06-09T05:11:36","guid":{"rendered":"https:\/\/ipsicco.com.ar\/?page_id=488"},"modified":"2023-11-22T12:36:24","modified_gmt":"2023-11-22T15:36:24","slug":"sobre-mi","status":"publish","type":"page","link":"https:\/\/ipsicco.com.ar\/index.php\/sobre-mi\/","title":{"rendered":"Sobre mi"},"content":{"rendered":"<p>[et_pb_section fb_built=\u00bb1&#8243; _builder_version=\u00bb4.9.0&#8243; _module_preset=\u00bbdefault\u00bb background_color=\u00bb#EFE6DC\u00bb background_enable_image=\u00bboff\u00bb background_size=\u00bbcontain\u00bb background_position=\u00bbcenter_right\u00bb min_height=\u00bb494px\u00bb custom_padding=\u00bb0px||0px|||\u00bb][et_pb_row column_structure=\u00bb1_2,1_2&#8243; _builder_version=\u00bb4.9.0&#8243; _module_preset=\u00bbdefault\u00bb background_color=\u00bb#EFE6DC\u00bb module_alignment=\u00bbcenter\u00bb custom_margin=\u00bb|auto|-2px|-36px||\u00bb][et_pb_column type=\u00bb1_2&#8243; admin_label=\u00bbColumna\u00bb _builder_version=\u00bb4.9.0&#8243; _module_preset=\u00bbdefault\u00bb][et_pb_text _builder_version=\u00bb4.9.0&#8243; _module_preset=\u00bbdefault\u00bb text_text_color=\u00bb#88C4DD\u00bb custom_margin=\u00bb||-7px|||\u00bb]<\/p>\n<p><img data-recalc-dims=\"1\" loading=\"lazy\" decoding=\"async\" src=\"https:\/\/i0.wp.com\/ipsicco.com.ar\/wp-content\/uploads\/2023\/11\/Captura-de-Pantalla-2023-11-22-a-las-12.16.51.png?resize=206%2C102&#038;ssl=1\" width=\"206\" height=\"102\" alt=\"\" class=\"wp-image-693 alignnone size-full\" \/><\/p>\n<p>[\/et_pb_text][et_pb_text _builder_version=\u00bb4.9.0&#8243; _module_preset=\u00bbdefault\u00bb text_font=\u00bb||||||||\u00bb custom_margin=\u00bb||8px|||\u00bb text_text_shadow_style=\u00bbnone\u00bb]<\/p>\n<p><span>Soy <strong>Mar\u00eda Jos\u00e9,<\/strong>\u00a0quiero ser una gu\u00eda para aquellos que luchan con enfermedades cr\u00f3nicas relacionadas al estr\u00e9s, \u00a0como dolor y fatiga cr\u00f3nica, que conllevan ademas\u00a0ansiedad, muchas preocupaciones y\u00a0tristeza. Mi enfoque se centra en ayudarte a encontrar el equilibrio entre las demandas que enfrentas, ya sea impuestas por ti mismo, por otros o por las circunstancias, y las limitaciones que la enfermedad te presenta.<\/span><\/p>\n<p><span style=\"font-weight: 400;\">Te acompa\u00f1o a trav\u00e9s de intervenciones basadas en la ciencia psicol\u00f3gica desde la perspectiva de las terapias contextuales y un profundo contacto con tu sufrimiento para que puedas construir una vida plena y valiosa para vos.\u00a0<\/span><\/p>\n<p>[\/et_pb_text][et_pb_text admin_label=\u00bbTexto\u00bb _builder_version=\u00bb4.9.0&#8243; _module_preset=\u00bbdefault\u00bb width=\u00bb100%\u00bb custom_padding=\u00bb|0px||||\u00bb text_text_shadow_style=\u00bbnone\u00bb]<\/p>\n<p><span style=\"font-weight: 400;\">Recuerdo que desde los 16 a\u00f1os ten\u00eda claro que quer\u00eda estudiar psicolog\u00eda, \u201cpara ayudar a la gente\u201d, a pesar de haber nacido en una familia de comerciantes.\u00a0<\/span><\/p>\n<p><b>Siempre tuve una profunda sensibilidad y deseo de vivir intensamente<\/b><span style=\"font-weight: 400;\">. He experimentado las consecuencias de no tomar conciencia de mis altas demandas, mis auto-exigencias, de mi necesidad de ser productiva a un costo muy alto sobre mi auto-cuidado, el cual siempre quedaba en \u00faltimo lugar. El estr\u00e9s se manifestaba obviamente en todo mi cuerpo f\u00edsico; y adem\u00e1s como intolerancia, mal manejo del enojo, tristeza, una nube de pensamientos sobre mi yo, mi incapacidad, no ser suficiente, etc. etc. etc. <\/span><i><span style=\"font-weight: 400;\">Por lo menos ahora me doy cuenta!<\/span><\/i><\/p>\n<p>[\/et_pb_text][\/et_pb_column][et_pb_column type=\u00bb1_2&#8243; _builder_version=\u00bb4.9.0&#8243; _module_preset=\u00bbdefault\u00bb][et_pb_image src=\u00bbhttps:\/\/ipsicco.com.ar\/wp-content\/uploads\/2023\/01\/majo2.jpg\u00bb title_text=\u00bbmajo2&#8243; _builder_version=\u00bb4.9.0&#8243; _module_preset=\u00bbdefault\u00bb custom_margin=\u00bb104px|||||\u00bb box_shadow_style=\u00bbpreset2&#8243; box_shadow_horizontal=\u00bb20px\u00bb box_shadow_blur=\u00bb26px\u00bb box_shadow_spread=\u00bb8px\u00bb][\/et_pb_image][\/et_pb_column][\/et_pb_row][\/et_pb_section][et_pb_section fb_built=\u00bb1&#8243; _builder_version=\u00bb4.9.0&#8243; _module_preset=\u00bbdefault\u00bb background_enable_color=\u00bboff\u00bb custom_padding=\u00bb37px||27px|||\u00bb][et_pb_row _builder_version=\u00bb4.9.0&#8243; _module_preset=\u00bbdefault\u00bb custom_padding=\u00bb0px||0px|||\u00bb][et_pb_column type=\u00bb4_4&#8243; _builder_version=\u00bb4.9.0&#8243; _module_preset=\u00bbdefault\u00bb][et_pb_text _builder_version=\u00bb4.9.0&#8243; _module_preset=\u00bbdefault\u00bb background_color=\u00bb#FFFFFF\u00bb text_text_shadow_style=\u00bbnone\u00bb]<\/p>\n<h3 style=\"text-align: center;\"><b>La vida<\/b><span style=\"font-weight: 400;\">, con su gran capacidad de ense\u00f1anza, <\/span><b>me ha ofrecido oportunidades para poder PARAR y darme cuenta que no se trata de llegar a la meta<\/b><span style=\"font-weight: 400;\">, alcanzar super expectativas, <\/span><b>sino disfrutar del camino<\/b><span style=\"font-weight: 400;\">; cada paso, as\u00ed como cada pausa para notar el equilibrio es IMPORTANTE. <\/span><\/h3>\n<p>[\/et_pb_text][\/et_pb_column][\/et_pb_row][\/et_pb_section][et_pb_section fb_built=\u00bb1&#8243; _builder_version=\u00bb4.9.0&#8243; _module_preset=\u00bbdefault\u00bb background_image=\u00bbhttps:\/\/ipsicco.com.ar\/wp-content\/uploads\/2023\/11\/foto-fondo.png\u00bb parallax=\u00bbon\u00bb width=\u00bb100%\u00bb max_width=\u00bb100%\u00bb custom_margin=\u00bb1px|||||\u00bb][et_pb_row _builder_version=\u00bb4.9.0&#8243; _module_preset=\u00bbdefault\u00bb background_color=\u00bbRGBA(0,0,0,0)\u00bb][et_pb_column type=\u00bb4_4&#8243; _builder_version=\u00bb4.9.0&#8243; _module_preset=\u00bbdefault\u00bb background_enable_color=\u00bboff\u00bb][et_pb_text _builder_version=\u00bb4.9.0&#8243; _module_preset=\u00bbdefault\u00bb text_font=\u00bb|600|||||||\u00bb background_enable_color=\u00bboff\u00bb width=\u00bb99.8%\u00bb text_text_shadow_style=\u00bbpreset2&#8243; text_text_shadow_horizontal_length=\u00bb0.08em\u00bb text_text_shadow_vertical_length=\u00bb0.08em\u00bb text_text_shadow_blur_strength=\u00bb0.08em\u00bb global_colors_info=\u00bb{%22gcid-8a1e8516-d8ba-45c7-b219-d75e04573c8b%22:%91%93}\u00bb]<\/p>\n<h4><strong><span style=\"color: #f2f2f2;\">Conozc<span style=\"color: #ffffff;\">o lo que es enfrentarse a estos fantasmas de nuestra mente.<\/span><\/span><\/strong><\/h4>\n<h4><strong><span style=\"color: #ffffff;\">Hoy tengo dos maravillosas hijas con quienes me permito pasar hermosos momentos, de jugar, no hacer nada con la intenci\u00f3n de estar presente plenamente y dejarme llevar, disfrutarlas.\u00a0<\/span><\/strong><\/h4>\n<h4><strong><span style=\"color: #ffffff;\">Hace m\u00e1s de 15 a\u00f1os que vivo de mi profesi\u00f3n de psic\u00f3loga cl\u00ednica con actualizaciones y formaciones ininterrumpidamente. Adem\u00e1s puedo trasmitir mis conocimientos en la universidad como profesora y seguir actualizada y profundizando sobre el tema que me apasiona como investigadora.\u00a0\u00a0<\/span><\/strong><\/h4>\n<h4><strong><span style=\"color: #ffffff;\">Me dedico a ayudar a personas con enfermedades cr\u00f3nicas relacionadas al estr\u00e9s, que se manifiestan como dolor f\u00edsico principalmente y fatiga cr\u00f3nica (fibromialgia, migra\u00f1a, artritis, etc.) u otras enfermedades que se manifiestan con s\u00edntomas en el cuerpo o som\u00e1ticos como ulticaria, colon irritable, problemas gastrointestinales, etc.\u00a0<\/span><\/strong><\/h4>\n<h4><strong><span style=\"color: #ffffff;\">Que les est\u00e9 constando encontrar la aceptaci\u00f3n y el balance entre las limitaciones reales, f\u00edsicas y cambiantes que el cuerpo las enfrenta, y sus auto-exigencias, demandas y expectativas propias y ajenas, o su simple deseo de disfrutar la vida.\u00a0<\/span><\/strong><\/h4>\n<p>[\/et_pb_text][\/et_pb_column][\/et_pb_row][\/et_pb_section][et_pb_section fb_built=\u00bb1&#8243; _builder_version=\u00bb4.9.0&#8243; _module_preset=\u00bbdefault\u00bb background_color=\u00bb#EFE6DC\u00bb background_enable_image=\u00bboff\u00bb width=\u00bb100%\u00bb custom_padding=\u00bb0px||0px|0px||\u00bb][et_pb_row _builder_version=\u00bb4.9.0&#8243; _module_preset=\u00bbdefault\u00bb width=\u00bb100%\u00bb custom_padding=\u00bb|0px||||\u00bb][et_pb_column type=\u00bb4_4&#8243; _builder_version=\u00bb4.9.0&#8243; _module_preset=\u00bbdefault\u00bb background_color=\u00bbrgba(255,255,255,0.89)\u00bb][et_pb_text _builder_version=\u00bb4.9.0&#8243; _module_preset=\u00bbdefault\u00bb text_font=\u00bb|600|||||||\u00bb width=\u00bb100%\u00bb custom_padding=\u00bb32px|38px|34px|35px||\u00bb text_text_shadow_style=\u00bbnone\u00bb border_width_all=\u00bb6px\u00bb border_color_all=\u00bb#FFFFFF\u00bb]<\/p>\n<p><span>La percepci\u00f3n de un peque\u00f1o\/gran s\u00edntoma o una se\u00f1al de dolor puede llenar el cielo de nubes de pensamientos negativos sobre si mismo, desesperanza, predicciones catastr\u00f3ficas, que conllevan intenso enojo, profunda tristeza, decepci\u00f3n, ansiedad, miedo, cansancio y ganas de nada.\u00a0<\/span><\/p>\n<p><span>Adem\u00e1s de los propios s\u00edntomas (que nunca vienen solos) se encuentran muchas veces con la incomprensi\u00f3n y hasta desconfianza de las personas cercanas.\u00a0\u00a0<\/span><\/p>\n<p><span>Deseas intensamente que las cosas fueran diferentes. Las cosas no deber\u00edan ser as\u00ed, pero, sabes que? Aunque te esfuerces al mil por cien en que no sean as\u00ed, ASI SON. Y en los momentos fugaces en los que la luz de la conciencia te ilumina, te das cuenta que has pasado tanto tiempo tratando de que no sea asi, que no solo no has disfrutado el camino, sino ya ni siquiera sabes por donde quer\u00edas transitar.<\/span><\/p>\n<p><span><\/span><\/p>\n<p><span><\/span><\/p>\n<h3><span style=\"font-weight: 400;\">Me encantar\u00eda ayudarte a cambiar y salir de este bucle. Si deseas ponerte en contacto conmigo puedes escribir a este correo: ipsicco@gmail.com<\/span><\/h3>\n<p>[\/et_pb_text][\/et_pb_column][\/et_pb_row][\/et_pb_section][et_pb_section fb_built=\u00bb1&#8243; _builder_version=\u00bb4.9.0&#8243; _module_preset=\u00bbdefault\u00bb background_color=\u00bb#EFE6DC\u00bb custom_padding=\u00bb58px||10px|||\u00bb][et_pb_row _builder_version=\u00bb4.9.0&#8243; _module_preset=\u00bbdefault\u00bb width=\u00bb99%\u00bb max_width=\u00bb1262px\u00bb min_height=\u00bb1036.7px\u00bb custom_margin=\u00bb|auto||85px||\u00bb custom_padding=\u00bb||0px|||\u00bb][et_pb_column type=\u00bb4_4&#8243; _builder_version=\u00bb4.9.0&#8243; _module_preset=\u00bbdefault\u00bb][et_pb_text _builder_version=\u00bb4.9.0&#8243; _module_preset=\u00bbdefault\u00bb width=\u00bb89.3%\u00bb custom_margin=\u00bb-105px|||44px||\u00bb custom_padding=\u00bb|||0px||\u00bb]<\/p>\n<p style=\"text-align: left;\"><img data-recalc-dims=\"1\" loading=\"lazy\" decoding=\"async\" src=\"https:\/\/i0.wp.com\/ipsicco.com.ar\/wp-content\/uploads\/2023\/11\/Captura-de-Pantalla-2023-11-22-a-las-12.17.13.png?resize=192%2C104&#038;ssl=1\" width=\"192\" height=\"104\" alt=\"\" class=\"wp-image-692 alignnone size-full\" \/><\/p>\n<p>[\/et_pb_text][et_pb_text _builder_version=\u00bb4.9.0&#8243; _module_preset=\u00bbdefault\u00bb text_font=\u00bb|600|||||||\u00bb width=\u00bb96.7%\u00bb custom_margin=\u00bb-78px|||8px||\u00bb custom_padding=\u00bb||0px|||\u00bb text_line_height_tablet=\u00bb\u00bb text_line_height_phone=\u00bb1.3em\u00bb text_line_height_last_edited=\u00bbon|phone\u00bb text_text_shadow_style=\u00bbnone\u00bb border_width_all=\u00bb41px\u00bb border_color_all=\u00bb#EFE6DC\u00bb]<\/p>\n<p><img data-recalc-dims=\"1\" loading=\"lazy\" decoding=\"async\" src=\"https:\/\/i0.wp.com\/ipsicco.com.ar\/wp-content\/uploads\/2022\/07\/soymajo.jpg?resize=336%2C261&#038;ssl=1\" width=\"336\" height=\"261\" alt=\"\" class=\"wp-image-42 alignnone size-medium\" style=\"float: right; margin: 0px 0px 30px 30px;\" \/>En el a\u00f1o 2007 egres\u00e9 de la carrera como <strong>Licenciada en Psicolog\u00eda<\/strong> por la Universidad Siglo 21, C\u00f3rdoba, Argentina.\u00a0<span style=\"font-size: 14px;\">Comenc\u00e9 a trabajar como psic\u00f3loga mientras me segu\u00eda formando en Buenos Aires, desde en un Diplomado de Terapia Racional Emotiva y en Psiconeuroinmunoendrocronologia (en la Sociedad Argentina de Medicina del Estr\u00e9s).<\/span><span style=\"font-size: 14px;\">\u00a0<\/span><\/p>\n<p><span style=\"font-size: 14px;\">Luego, decid\u00ed continuar form\u00e1ndome en Espa\u00f1a, y eleg\u00ed Granada. Asi que embarqu\u00e9 en ese viaje de aprendizaje en todos los sentidos. Estudi\u00e9 y viv\u00ed all\u00ed casi 4 a\u00f1os.<\/span><span style=\"font-size: 14px;\">En el 2010 conclu\u00ed mi\u00a0<\/span><strong style=\"font-size: 14px;\">M\u00e1ster Internacional\u00a0en Psicolog\u00eda Cl\u00ednica y de la Salud<\/strong><span style=\"font-size: 14px;\"> por al Asociaci\u00f3n Espa\u00f1ola de Psicolog\u00eda Conductual, Espa\u00f1a. Y, luego otro\u00a0<\/span><strong style=\"font-size: 14px;\">M\u00e1ster\u00a0en Dise\u00f1os de investigaci\u00f3n y Aplicaci\u00f3n en Psicolog\u00eda y Salud de la\u00a0Universidad de Granada<\/strong><span style=\"font-size: 14px;\">, Espa\u00f1a (2010). Uno me dio much\u00edsimo formaci\u00f3n, entrenamiento y supervisi\u00f3n para trabajar con pacientes, y el segundo me ofreci\u00f3 la metodolog\u00eda y la academia para realizarlo de una manera rigurosa y basada en evidencia.<\/span><span style=\"font-size: 14px;\">\u00a0<\/span><\/p>\n<p>Durante esos a\u00f1os ejerc\u00ed como psic\u00f3loga con pr\u00e1cticas supervisadas en Granada (t\u00edtulo de Lic. en Psicolog\u00eda homologado por el Ministerio de Ciencia e Innovaci\u00f3n de Espa\u00f1a) y como <em>voluntaria<\/em> en distintas instituciones (en ONG dedicada al abordaje del consumo problem\u00e1tico de sustancias y conductas antisociales y en casas de acogida de la Cruz Roja).<span style=\"font-size: 14px;\">\u00a0<\/span><\/p>\n<p>\u00a0<span style=\"font-size: 14px;\">En 2016 defend\u00ed mi tesis para el t\u00edtulo de\u00a0<\/span><strong style=\"font-size: 14px;\">Doctora en Psicolog\u00eda<\/strong><span style=\"font-size: 14px;\">\u00a0(PhD) por la Universidad de Granada. Menci\u00f3n <\/span><strong style=\"font-size: 14px;\">CUM LAUDE<\/strong><span style=\"font-size: 14px;\">. El trabajo de investigaci\u00f3n que realizamos con un gran grupo consolidado en la Universidad de Granada, evaluamos mediante varios ensayos aleatorios controladas la eficacia de Tratamiento Psicol\u00f3gico en pacientes con Fibromialgia<\/span><span style=\"font-size: 14px;\">\u00a0<\/span><span style=\"font-size: 14px;\">\u00a0<\/span><\/p>\n<p><span style=\"font-size: 14px;\">He escrito y publicado m\u00e1s de 16 art\u00edculos cient\u00edficos en revistas internacionales y he participado en m\u00e1s de 24 comunicaciones en Congresos y Jornadas en distintas partes del mundo sobre el tema del dolor cr\u00f3nico principalmente. Aqui puedes ver algunas de mis publicaciones: <\/span><a href=\"https:\/\/www.researchgate.net\/profile\/Maria-Lami\" style=\"font-size: 14px;\">https:\/\/www.researchgate.net\/profile\/Maria-Lami<\/a><span style=\"font-size: 14px;\">\u00a0<\/span><strong style=\"font-size: 14px;\">Soy invitada<\/strong><span style=\"font-size: 14px;\">\u00a0regularmente como exponente en diversas Universidades y Eventos cient\u00edficos. Realic\u00e9\u00a0tambi\u00e9n una estancia de investigaci\u00f3n en la Universidad de Uppsala, Suecia.<\/span><\/p>\n<p><span style=\"font-size: 14px;\">Actualmente soy profesora en la carrera de Licenciatura en Psicolog\u00eda de la Facultad de Ciencias de la Salud de la Universidad Cat\u00f3lica de Santiago del Estero. Y tambi\u00e9n me desempe\u00f1o como asesora y directora de proyectos de\u00a0investigaci\u00f3n I+D, habiendo realizado investigaciones en equipos de Granada, Espa\u00f1a y Uppsala, Suecia.<\/span><span style=\"font-size: 14px;\">\u00a0<\/span><\/p>\n<p><span style=\"font-size: 14px;\">Me he formado con los principales referentes de las Terapias Contextuales\u00a0 (CBT, ACT, FAP, DBT, ACL y Mindfulness) a nivel cl\u00ednico y de investigaci\u00f3n (workshops, congresos cursos de especializaci\u00f3n y actualizaci\u00f3n,\u00a0programas de Formaci\u00f3n, etc.) desde el 2010 hasta hoy sigo en formaci\u00f3n. Actualmente profundizando en mindfulness en la persona del terapeuta. \u00a0Actualmente,\u00a0tambi\u00e9n soy l\u00edder del Cap\u00edtulo de Santiago del Estero de la organizaci\u00f3n Conciencia, Coraje y Amor (ACL, Fundadora Mavis Tsai).<\/span><\/p>\n<p>\u00a0H<span style=\"font-size: 14px;\">e sido psic\u00f3loga y Directora Terap\u00e9utica <\/span><span style=\"font-size: 14px;\">(durante 6 a\u00f1os)\u00a0<\/span><span style=\"font-size: 14px;\">de 2 Centros de Rehabilitaci\u00f3n en Adicciones en contextos de vulnerabilidad social a cargo de todo\u00a0el equipo interdisciplinario, trabajando en ONGs y servicios de salud p\u00fablica.\u00a0<\/span><\/p>\n<p>\u00a0<span style=\"font-size: 14px;\">Actualmente soy tambi\u00e9n Presidente del Chapter Argentino de la Asociaci\u00f3n de la Ciencia Contextual Conductual (ACBS) de la cual formo parte hace 12 a\u00f1os participando en casi todos los congresos anuales y workshops.<\/span><span style=\"font-size: 14px;\">\u00a0<\/span><\/p>\n<p><span style=\"font-size: 14px;\">Actualmente soy directora y coordinadora de mi equipo en IPsiCCo, donde llevo a cabo diversas actividades de formaci\u00f3n y supervisi\u00f3n de profesionales psic\u00f3logos , acompa\u00f1o a mis colegas a ser sus mejores versiones como terapeutas y personas.\u00a0<\/span><strong style=\"font-size: 14px;\">IP<\/strong><strong style=\"font-size: 14px;\">siCCo naci\u00f3 en el 2014 y actualmente dirijo todas las actividades y profesionales que forman parte de \u00e9l.<\/strong><span style=\"font-size: 14px;\">\u00a0<\/span><span style=\"font-size: 14px;\">\u00a0<\/span><\/p>\n<p>[\/et_pb_text][\/et_pb_column][\/et_pb_row][\/et_pb_section]<\/p>\n","protected":false},"excerpt":{"rendered":"<p>[et_pb_section fb_built=\u00bb1&#8243; _builder_version=\u00bb4.9.0&#8243; _module_preset=\u00bbdefault\u00bb background_color=\u00bb#EFE6DC\u00bb background_enable_image=\u00bboff\u00bb background_size=\u00bbcontain\u00bb background_position=\u00bbcenter_right\u00bb min_height=\u00bb494px\u00bb custom_padding=\u00bb0px||0px|||\u00bb][et_pb_row column_structure=\u00bb1_2,1_2&#8243; _builder_version=\u00bb4.9.0&#8243; _module_preset=\u00bbdefault\u00bb background_color=\u00bb#EFE6DC\u00bb module_alignment=\u00bbcenter\u00bb custom_margin=\u00bb|auto|-2px|-36px||\u00bb][et_pb_column type=\u00bb1_2&#8243; admin_label=\u00bbColumna\u00bb _builder_version=\u00bb4.9.0&#8243; _module_preset=\u00bbdefault\u00bb][et_pb_text _builder_version=\u00bb4.9.0&#8243; _module_preset=\u00bbdefault\u00bb text_text_color=\u00bb#88C4DD\u00bb custom_margin=\u00bb||-7px|||\u00bb] [\/et_pb_text][et_pb_text _builder_version=\u00bb4.9.0&#8243; _module_preset=\u00bbdefault\u00bb text_font=\u00bb||||||||\u00bb custom_margin=\u00bb||8px|||\u00bb text_text_shadow_style=\u00bbnone\u00bb] Soy Mar\u00eda Jos\u00e9,\u00a0quiero ser una gu\u00eda para aquellos que luchan con enfermedades cr\u00f3nicas relacionadas al estr\u00e9s, \u00a0como dolor y fatiga cr\u00f3nica, que conllevan ademas\u00a0ansiedad, muchas [&hellip;]<\/p>\n","protected":false},"author":1,"featured_media":0,"parent":0,"menu_order":0,"comment_status":"closed","ping_status":"closed","template":"","meta":{"_et_pb_use_builder":"on","_et_pb_old_content":"","_et_gb_content_width":"","om_disable_all_campaigns":false,"inline_featured_image":false,"jetpack_post_was_ever_published":false,"_joinchat":[],"footnotes":""},"class_list":["post-488","page","type-page","status-publish","hentry"],"jetpack_sharing_enabled":true,"jetpack_shortlink":"https:\/\/wp.me\/Pc5djS-7S","_links":{"self":[{"href":"https:\/\/ipsicco.com.ar\/index.php\/wp-json\/wp\/v2\/pages\/488","targetHints":{"allow":["GET"]}}],"collection":[{"href":"https:\/\/ipsicco.com.ar\/index.php\/wp-json\/wp\/v2\/pages"}],"about":[{"href":"https:\/\/ipsicco.com.ar\/index.php\/wp-json\/wp\/v2\/types\/page"}],"author":[{"embeddable":true,"href":"https:\/\/ipsicco.com.ar\/index.php\/wp-json\/wp\/v2\/users\/1"}],"replies":[{"embeddable":true,"href":"https:\/\/ipsicco.com.ar\/index.php\/wp-json\/wp\/v2\/comments?post=488"}],"version-history":[{"count":32,"href":"https:\/\/ipsicco.com.ar\/index.php\/wp-json\/wp\/v2\/pages\/488\/revisions"}],"predecessor-version":[{"id":728,"href":"https:\/\/ipsicco.com.ar\/index.php\/wp-json\/wp\/v2\/pages\/488\/revisions\/728"}],"wp:attachment":[{"href":"https:\/\/ipsicco.com.ar\/index.php\/wp-json\/wp\/v2\/media?parent=488"}],"curies":[{"name":"wp","href":"https:\/\/api.w.org\/{rel}","templated":true}]}}